{"id":3,"date":"2024-01-12T19:22:47","date_gmt":"2024-01-12T19:22:47","guid":{"rendered":"https:\/\/av.zinvol.mx\/?page_id=3"},"modified":"2024-04-09T00:29:57","modified_gmt":"2024-04-09T00:29:57","slug":"politica-de-privacidad","status":"publish","type":"page","link":"https:\/\/agricolavalencia.com\/es\/politica-de-privacidad\/","title":{"rendered":"Pol\u00edtica de Privacidad"},"content":{"rendered":"[vc_row type=\u00bbin_container\u00bb full_screen_row_position=\u00bbmiddle\u00bb column_margin=\u00bbdefault\u00bb column_direction=\u00bbdefault\u00bb column_direction_tablet=\u00bbdefault\u00bb column_direction_phone=\u00bbdefault\u00bb scene_position=\u00bbcenter\u00bb top_padding=\u00bb10%\u00bb constrain_group_1=\u00bbyes\u00bb bottom_padding=\u00bb10%\u00bb left_padding_desktop=\u00bb10%\u00bb constrain_group_2=\u00bbyes\u00bb right_padding_desktop=\u00bb10%\u00bb text_color=\u00bbdark\u00bb text_align=\u00bbleft\u00bb row_border_radius=\u00bbnone\u00bb row_border_radius_applies=\u00bbbg\u00bb overflow=\u00bbvisible\u00bb overlay_strength=\u00bb0.3&#8243; gradient_direction=\u00bbleft_to_right\u00bb shape_divider_position=\u00bbbottom\u00bb bg_image_animation=\u00bbnone\u00bb gradient_type=\u00bbdefault\u00bb shape_type=\u00bb\u00bb][vc_column column_padding=\u00bbno-extra-padding\u00bb column_padding_tablet=\u00bbinherit\u00bb column_padding_phone=\u00bbinherit\u00bb column_padding_position=\u00bball\u00bb column_element_direction_desktop=\u00bbdefault\u00bb column_element_spacing=\u00bbdefault\u00bb desktop_text_alignment=\u00bbdefault\u00bb tablet_text_alignment=\u00bbdefault\u00bb phone_text_alignment=\u00bbdefault\u00bb background_color_opacity=\u00bb1&#8243; background_hover_color_opacity=\u00bb1&#8243; column_backdrop_filter=\u00bbnone\u00bb column_shadow=\u00bbnone\u00bb column_border_radius=\u00bbnone\u00bb column_link_target=\u00bb_self\u00bb column_position=\u00bbdefault\u00bb gradient_direction=\u00bbleft_to_right\u00bb overlay_strength=\u00bb0.3&#8243; width=\u00bb1\/1&#8243; tablet_width_inherit=\u00bbdefault\u00bb animation_type=\u00bbdefault\u00bb bg_image_animation=\u00bbnone\u00bb border_type=\u00bbsimple\u00bb column_border_width=\u00bbnone\u00bb column_border_style=\u00bbsolid\u00bb][nectar_responsive_text text_direction=\u00bbdefault\u00bb]\n<h2><strong>Pol\u00edtica de Privacidad &#8211; Agr\u00edcola Valencia<\/strong><\/h2>\n[\/nectar_responsive_text][divider line_type=\u00bbNo Line\u00bb custom_height=\u00bb33&#8243;][vc_column_text text_direction=\u00bbdefault\u00bb]<!-- \/wp:post-content --><!-- wp:paragraph -->Agr\u00edcola Valencia se compromete a proteger la privacidad y seguridad de la informaci\u00f3n proporcionada por los usuarios de nuestro sitio web. Esta pol\u00edtica de privacidad describe c\u00f3mo recopilamos, utilizamos y protegemos la informaci\u00f3n personal de nuestros usuarios.<\/p>\n<p><!-- \/wp:paragraph --><!-- wp:paragraph --><strong>1. Recopilaci\u00f3n de Informaci\u00f3n<\/strong><\/p>\n<p><!-- \/wp:paragraph --><!-- wp:paragraph -->Agr\u00edcola Valencia puede recopilar informaci\u00f3n personal de los usuarios, como nombre, direcci\u00f3n de correo electr\u00f3nico, direcci\u00f3n postal y n\u00famero de tel\u00e9fono, cuando se proporciona voluntariamente al registrarse en nuestro sitio web, suscribirse a boletines informativos, participar en encuestas o completar formularios en l\u00ednea.<\/p>\n<p><!-- \/wp:paragraph --><!-- wp:paragraph --><strong>2. Uso de la Informaci\u00f3n<\/strong><\/p>\n<p><!-- \/wp:paragraph --><!-- wp:paragraph -->La informaci\u00f3n personal recopilada por Agr\u00edcola Valencia se utilizar\u00e1 \u00fanicamente para los fines espec\u00edficos para los que fue proporcionada, como procesar pedidos, responder consultas de los usuarios, proporcionar servicios solicitados y enviar comunicaciones promocionales o informativas.<\/p>\n<p><!-- \/wp:paragraph --><!-- wp:paragraph --><strong>3. Protecci\u00f3n de la Informaci\u00f3n<\/strong><\/p>\n<p><!-- \/wp:paragraph --><!-- wp:paragraph -->Agr\u00edcola Valencia implementa medidas de seguridad t\u00e9cnicas, administrativas y f\u00edsicas para proteger la informaci\u00f3n personal de nuestros usuarios contra el acceso no autorizado, el uso indebido o la divulgaci\u00f3n.<\/p>\n<p><!-- \/wp:paragraph --><!-- wp:paragraph --><strong>4. Compartir Informaci\u00f3n<\/strong><\/p>\n<p><!-- \/wp:paragraph --><!-- wp:paragraph -->Agr\u00edcola Valencia no vende, alquila ni comparte informaci\u00f3n personal de los usuarios con terceros, excepto cuando sea necesario para proporcionar servicios solicitados por los usuarios o cuando as\u00ed lo requiera la ley.<\/p>\n<p><!-- \/wp:paragraph --><!-- wp:paragraph --><strong>5. Cookies y Tecnolog\u00edas Similares<\/strong><\/p>\n<p><!-- \/wp:paragraph --><!-- wp:paragraph -->Nuestro sitio web puede utilizar cookies y tecnolog\u00edas similares para mejorar la experiencia del usuario, analizar el tr\u00e1fico del sitio y personalizar el contenido. Los usuarios pueden optar por aceptar o rechazar estas cookies a trav\u00e9s de la configuraci\u00f3n de su navegador web.<\/p>\n<p><!-- \/wp:paragraph --><!-- wp:paragraph --><strong>6. Enlaces a Sitios de Terceros<\/strong><\/p>\n<p><!-- \/wp:paragraph --><!-- wp:paragraph -->Nuestro sitio web puede contener enlaces a sitios web de terceros. Estos enlaces son proporcionados \u00fanicamente para conveniencia del usuario. Agr\u00edcola Valencia no tiene control sobre el contenido o las pol\u00edticas de privacidad de estos sitios web de terceros.<\/p>\n<p><!-- \/wp:paragraph --><!-- wp:paragraph --><strong>7. Cambios en la Pol\u00edtica de Privacidad<\/strong><\/p>\n<p><!-- \/wp:paragraph --><!-- wp:paragraph -->Agr\u00edcola Valencia se reserva el derecho de modificar esta pol\u00edtica de privacidad en cualquier momento y sin previo aviso. Se alienta a los usuarios a revisar peri\u00f3dicamente esta pol\u00edtica para estar al tanto de cualquier cambio.<\/p>\n<p><!-- \/wp:paragraph --><!-- wp:paragraph --><strong>8. Consentimiento<\/strong><\/p>\n<p><!-- \/wp:paragraph --><!-- wp:paragraph -->Al utilizar nuestro sitio web, los usuarios aceptan los t\u00e9rminos y condiciones de esta pol\u00edtica de privacidad y consienten el procesamiento de su informaci\u00f3n personal de acuerdo con dichos t\u00e9rminos.<\/p>\n<p><!-- \/wp:paragraph --><!-- wp:paragraph --><strong>9. Contacto<\/strong><\/p>\n<p><!-- \/wp:paragraph --><!-- wp:paragraph -->Si tienes alguna pregunta o inquietud sobre nuestra pol\u00edtica de privacidad, no dudes en ponerte en contacto con nosotros a trav\u00e9s de la informaci\u00f3n de contacto proporcionada en nuestro sitio web.<\/p>\n<p><!-- \/wp:paragraph --><!-- wp:paragraph -->Esta pol\u00edtica de privacidad entra en vigencia a partir de la fecha de su publicaci\u00f3n en nuestro sitio web.<\/p>\n<p><!-- \/wp:paragraph -->&nbsp;[\/vc_column_text][\/vc_column][\/vc_row]\n","protected":false},"excerpt":{"rendered":"<p>[vc_row type=\u00bbin_container\u00bb full_screen_row_position=\u00bbmiddle\u00bb column_margin=\u00bbdefault\u00bb column_direction=\u00bbdefault\u00bb column_direction_tablet=\u00bbdefault\u00bb column_direction_phone=\u00bbdefault\u00bb scene_position=\u00bbcenter\u00bb top_padding=\u00bb10%\u00bb constrain_group_1=\u00bbyes\u00bb bottom_padding=\u00bb10%\u00bb left_padding_desktop=\u00bb10%\u00bb constrain_group_2=\u00bbyes\u00bb right_padding_desktop=\u00bb10%\u00bb text_color=\u00bbdark\u00bb text_align=\u00bbleft\u00bb row_border_radius=\u00bbnone\u00bb row_border_radius_applies=\u00bbbg\u00bb overflow=\u00bbvisible\u00bb overlay_strength=\u00bb0.3&#8243; gradient_direction=\u00bbleft_to_right\u00bb shape_divider_position=\u00bbbottom\u00bb bg_image_animation=\u00bbnone\u00bb gradient_type=\u00bbdefault\u00bb shape_type=\u00bb\u00bb][vc_column column_padding=\u00bbno-extra-padding\u00bb column_padding_tablet=\u00bbinherit\u00bb column_padding_phone=\u00bbinherit\u00bb column_padding_position=\u00bball\u00bb column_element_direction_desktop=\u00bbdefault\u00bb&#8230;<\/p>\n","protected":false},"author":1,"featured_media":0,"parent":0,"menu_order":0,"comment_status":"closed","ping_status":"open","template":"template-no-header.php","meta":{"inline_featured_image":false,"footnotes":""},"class_list":["post-3","page","type-page","status-publish"],"_links":{"self":[{"href":"https:\/\/agricolavalencia.com\/es\/wp-json\/wp\/v2\/pages\/3","targetHints":{"allow":["GET"]}}],"collection":[{"href":"https:\/\/agricolavalencia.com\/es\/wp-json\/wp\/v2\/pages"}],"about":[{"href":"https:\/\/agricolavalencia.com\/es\/wp-json\/wp\/v2\/types\/page"}],"author":[{"embeddable":true,"href":"https:\/\/agricolavalencia.com\/es\/wp-json\/wp\/v2\/users\/1"}],"replies":[{"embeddable":true,"href":"https:\/\/agricolavalencia.com\/es\/wp-json\/wp\/v2\/comments?post=3"}],"version-history":[{"count":5,"href":"https:\/\/agricolavalencia.com\/es\/wp-json\/wp\/v2\/pages\/3\/revisions"}],"predecessor-version":[{"id":549,"href":"https:\/\/agricolavalencia.com\/es\/wp-json\/wp\/v2\/pages\/3\/revisions\/549"}],"wp:attachment":[{"href":"https:\/\/agricolavalencia.com\/es\/wp-json\/wp\/v2\/media?parent=3"}],"curies":[{"name":"wp","href":"https:\/\/api.w.org\/{rel}","templated":true}]}}